{"id":2674,"date":"2023-12-05T11:25:48","date_gmt":"2023-12-05T10:25:48","guid":{"rendered":"https:\/\/www.farmaciacarandell.com\/nota-legal\/"},"modified":"2023-12-11T09:51:07","modified_gmt":"2023-12-11T08:51:07","slug":"nota-legal","status":"publish","type":"page","link":"https:\/\/www.farmaciacarandell.com\/es\/nota-legal\/","title":{"rendered":"Nota legal"},"content":{"rendered":"<div class=\"fusion-fullwidth fullwidth-box fusion-builder-row-1 fusion-flex-container has-pattern-background has-mask-background nonhundred-percent-fullwidth non-hundred-percent-height-scrolling\" style=\"--awb-border-radius-top-left:0px;--awb-border-radius-top-right:0px;--awb-border-radius-bottom-right:0px;--awb-border-radius-bottom-left:0px;\" ><div class=\"fusion-builder-row fusion-row fusion-flex-align-items-flex-start\" style=\"max-width:1248px;margin-left: calc(-4% \/ 2 );margin-right: calc(-4% \/ 2 );\"><div class=\"fusion-layout-column fusion_builder_column fusion-builder-column-0 fusion_builder_column_1_1 1_1 fusion-flex-column\" style=\"--awb-bg-size:cover;--awb-width-large:100%;--awb-margin-top-large:0px;--awb-spacing-right-large:1.92%;--awb-margin-bottom-large:20px;--awb-spacing-left-large:1.92%;--awb-width-medium:100%;--awb-order-medium:0;--awb-spacing-right-medium:1.92%;--awb-spacing-left-medium:1.92%;--awb-width-small:100%;--awb-order-small:0;--awb-spacing-right-small:1.92%;--awb-spacing-left-small:1.92%;\"><div class=\"fusion-column-wrapper fusion-column-has-shadow fusion-flex-justify-content-flex-start fusion-content-layout-column\"><div class=\"fusion-text fusion-text-1\"><p><b>AVISO LEGAL Y CONDICIONES DE USO DEL PORTAL<\/b><\/p>\n<p><span style=\"font-weight: 400;\">Con el fin de dar cumplimiento al art\u00edculo 10 de la Ley 34\/2002 de Servicios de la Sociedad de la Informaci\u00f3n y del Comercio Electr\u00f3nico, informamos a los usuarios de nuestros datos:<\/span><\/p>\n<p><span style=\"font-weight: 400;\">Denominaci\u00f3n Social: Guillem Carandell Mora<br \/>\n<\/span><\/p>\n<p><span style=\"font-weight: 400;\">Domicilio Social: Avinguda Riells, 18. 17130 L&#8217;Escala. Gerona. Espa\u00f1a<\/span><\/p>\n<p><span style=\"font-weight: 400;\">CIF: 47851321M<\/span><\/p>\n<p><span style=\"font-weight: 400;\">Tel\u00e9fono: \u2060972771473<\/span><\/p>\n<p><span style=\"font-weight: 400;\">E-Mail: info@farmaciacarandell.com<\/span><\/p>\n<p><span style=\"font-weight: 400;\">Web:https:\/\/www.farmaciacarandell.com\/es\/<\/span><\/p>\n<p><span style=\"font-weight: 400;\">\u00a0<\/span><\/p>\n<p><b>1.- OBJETO<\/b><\/p>\n<p><span style=\"font-weight: 400;\"><b>Farm\u00e0cia Carandell <\/b><\/span><span style=\"font-weight: 400;\">(de ahora en adelante tambi\u00e9n el prestador) como responsable del sitio web,pone a disposici\u00f3n de los usuarios el presente documento, que regula el uso del sitio web <a href=\"https:\/\/www.farmaciacarandell.com\/es\/\">www.farmaciacarandell.com\/es\/<\/a><\/span><span style=\"font-weight: 400;\">, con el que pretendemos dar cumplimiento a las obligaciones que dispone la Ley 34\/2002, de Servicios de la Sociedad de la Informaci\u00f3n y del Comercio Electr\u00f3nico (LSSICE o LSSI), as\u00ed como informar a todos los usuarios del sitio web respecto de cu\u00e1les son las condiciones de uso del sitio web.<\/span><\/p>\n<p><span style=\"font-weight: 400;\">A trav\u00e9s de la Web, <\/span><b>Farm\u00e0cia Carandell<\/b><span style=\"font-weight: 400;\"> facilita a los usuarios el acceso y utilizaci\u00f3n de diferentes servicios y contenidos puestos a disposici\u00f3n a trav\u00e9s de la web.<\/span><\/p>\n<p><span style=\"font-weight: 400;\">Toda persona que acceda a esta web asume el papel de usuario (en adelante el usuario), e implica la aceptaci\u00f3n plena y sin reservas de todas y cada una de las disposiciones incluidas en este Aviso Legal, as\u00ed como cualesquiera otras disposiciones legales que fueran de aplicaci\u00f3n.<\/span><\/p>\n<p><span style=\"font-weight: 400;\">Como usuarios, deben leer atentamente el presente Aviso Legal en cualquiera de las ocasiones que entr\u00e9is en la web, pues esta puede sufrir modificaciones ya que el prestador se reserva el derecho a modificar cualquier tipo de informaci\u00f3n que pudiera aparecer en la web, sin que exista la obligaci\u00f3n de preavisar o poner en conocimiento de los usuarios dichas obligaciones, siendo suficientes la publicaci\u00f3n en el sitio web del prestador.<\/span><\/p>\n<ol start=\"2\">\n<li><b> CONDICIONES DE ACCESO Y USO DE LA WEB.<\/b><\/li>\n<\/ol>\n<p><b>2.1. Car\u00e1cter gratuito del acceso y uso de la web.<\/b><\/p>\n<p><span style=\"font-weight: 400;\">La prestaci\u00f3n de los servicios por parte de <\/span><b>Farm\u00e0cia Carandell<\/b><span style=\"font-weight: 400;\"> tiene car\u00e1cter gratuito para todos los Usuarios. No obstante, algunos de los servicios suministrados por el prestador o por terceros a trav\u00e9s de la Web est\u00e1n sujetos al pago de un precio determinado en las condiciones generales de contrataci\u00f3n.<\/span><\/p>\n<p><b>2.2. Registro de Usuario.<\/b><\/p>\n<p><span style=\"font-weight: 400;\">Con car\u00e1cter general la prestaci\u00f3n de los Servicios no exige la previa suscripci\u00f3n o registro de los Usuarios. Sin embargo, <\/span><b>Farm\u00e0cia Carandell<\/b><span style=\"font-weight: 400;\">\u00a0condiciona el uso de algunos de los servicios a la previa cumplimentaci\u00f3n del correspondiente registro de Usuario. Este registro se efectuar\u00e1 en la forma expresamente indicada en la propia secci\u00f3n del servicio.<\/span><\/p>\n<p><b>2.3. Veracidad de la informaci\u00f3n.<\/b><\/p>\n<p><span style=\"font-weight: 400;\">Toda la informaci\u00f3n que facilita el Usuario debe ser veraz. A estos efectos, el Usuario garantiza la autenticidad de los datos comunicados a trav\u00e9s de los formularios para la suscripci\u00f3n de los Servicios. Ser\u00e1 responsabilidad del Usuario mantener toda la informaci\u00f3n facilitada a <\/span><b>Farm\u00e0cia Carandell<\/b><span style=\"font-weight: 400;\"> permanentemente actualizada de forma que responda, en cada momento, a su situaci\u00f3n real. En todo caso, el Usuario ser\u00e1 el \u00fanico responsable de las manifestaciones falsas o inexactas que realice y de los perjuicios que cause al prestador o a terceros.<\/span><\/p>\n<p><span style=\"font-weight: 400;\">\u00a0<\/span><\/p>\n<p><b>2.4. Menores de edad.<\/b><\/p>\n<p><span style=\"font-weight: 400;\">Para el uso de los servicios, los menores de edad deben obtener siempre previamente el consentimiento de los padres, tutores o representantes legales, responsables \u00faltimos de todos los actos realizados por los menores a su cargo. La responsabilidad en la determinaci\u00f3n de contenidos concretos a los que acceden los menores corresponde a aquellos, es por eso que si acceden a contenidos no apropiados para Internet, se deber\u00e1n establecer en sus ordenadores mecanismos, en particular programas inform\u00e1ticos, filtros y bloqueos , que permitan limitar los contenidos disponibles y, aunque no sean infalibles, son de especial utilidad para controlar y restringir los materiales a los que pueden acceder los menores.<\/span><\/p>\n<p><b>2.5. Obligaci\u00f3n de hacer un uso correcto de la Web.<\/b><\/p>\n<p><span style=\"font-weight: 400;\">El Usuario se compromete a utilizar la Web de conformidad a la Ley y al presente Aviso Legal, as\u00ed como a la moral y a las buenas costumbres. A tal efecto, el Usuario se abstendr\u00e1 de utilizar la p\u00e1gina con fines il\u00edcitos o prohibidos, lesivos de derechos e intereses de terceros, o que de cualquier forma puedan da\u00f1ar, inutilizar, sobrecargar, deteriorar o impedir la normal utilizaci\u00f3n de equipos inform\u00e1ticos o documentos, archivos y toda clase de contenidos almacenados en cualquier equipo inform\u00e1tico del prestador.<\/span><\/p>\n<p><span style=\"font-weight: 400;\">En particular, y a t\u00edtulo indicativo pero no exhaustivo, el Usuario se compromete a no transmitir, difundir o poner a disposici\u00f3n de terceros informaciones, datos, contenidos, mensajes, gr\u00e1ficos, dibujos, archivos de sonido o imagen, fotograf\u00edas, grabaciones, software y, en general, cualquier clase de material que:<\/span><\/p>\n<p><span style=\"font-weight: 400;\">(a) sea contrario, menosprecie o atente contra los derechos fundamentales y las libertades p\u00fablicas reconocidas constitucionalmente, en tratados internacionales y otras normas vigentes;<\/span><\/p>\n<p><span style=\"font-weight: 400;\">(b) induzca, incite o promueva actuaciones delictivas, denigratorias, difamatorias, violentas o, en general, contrarias a la ley, a la moral y al orden p\u00fablico;<\/span><\/p>\n<p><span style=\"font-weight: 400;\">(c) induzca, incite o promueva actuaciones, actitudes o pensamientos discriminatorios por raz\u00f3n de sexo, raza, religi\u00f3n, creencias, edad o condici\u00f3n;<\/span><\/p>\n<p><span style=\"font-weight: 400;\">(d) sea contrario al derecho al honor, a la intimidad personal o familiar o a la propia imagen de las personas;<\/span><\/p>\n<p><span style=\"font-weight: 400;\">(e) de cualquier manera perjudique la credibilidad del prestador o de terceros; y<\/span><\/p>\n<p><span style=\"font-weight: 400;\">(f) constituya publicidad il\u00edcita, enga\u00f1osa o desleal.<\/span><\/p>\n<p><span style=\"font-weight: 400;\">\u00a0<\/span><\/p>\n<p><b>3.- EXCLUSI\u00d3N DE GARANT\u00cdAS Y RESPONSABILIDAD<\/b><\/p>\n<p><span style=\"font-weight: 400;\">El prestador se exime de cualquier tipo de responsabilidad derivada de la informaci\u00f3n publicada en nuestro sitio web, siempre que esta informaci\u00f3n haya sido manipulada o introducida por un tercero ajeno.<\/span><\/p>\n<p><span style=\"font-weight: 400;\">Esta web ha sido revisada y probada para que funcione correctamente. En principio, se puede garantizar el correcto funcionamiento los 365 d\u00edas del a\u00f1o, 24 horas al d\u00eda. Sin embargo, el prestador no descarta la posibilidad de que existan determinados errores de programaci\u00f3n, o que sucedan causas de fuerza mayor, cat\u00e1strofes naturales, huelgas, o circunstancias semejantes que hagan imposible el acceso a la p\u00e1gina web.<\/span><\/p>\n<p><b>Farm\u00e0cia Carandell<\/b><span style=\"font-weight: 400;\">\u00a0no otorga ninguna garant\u00eda ni se hace responsable, en ning\u00fan caso, de los da\u00f1os y perjuicios de cualquier naturaleza que puedan salir a colaci\u00f3n de la falta de disponibilidad, mantenimiento y efectivo funcionamiento de la web o de sus servicios y contenidos; de la existencia de virus, programas maliciosos o lesivos en los contenidos; del uso il\u00edcito, negligente, fraudulento o contrario a este Aviso Legal y condiciones de uso; o de la falta de licitud, calidad, fiabilidad, utilidad y disponibilidad de los servicios prestados por terceros y puestos a disposici\u00f3n de los usuarios en el sitio web.<\/span><\/p>\n<p><span style=\"font-weight: 400;\">El prestador no se hace responsable bajo ning\u00fan concepto de los da\u00f1os que puedan dimanar del uso ilegal o indebido de la presente p\u00e1gina web.<\/span><\/p>\n<p><b>4.- COOKIES<\/b><\/p>\n<p><span style=\"font-weight: 400;\">El sitio web del prestador puede utilizar cookies (peque\u00f1os archivos de informaci\u00f3n que el servidor env\u00eda al ordenador de quien accede a la p\u00e1gina) para llevar a cabo determinadas funciones que son consideradas imprescindibles para el correcto funcionamiento y visualizaci\u00f3n del sitio. Las cookies utilizadas tienen, en todo caso, car\u00e1cter temporal, con la \u00fanica finalidad de hacer m\u00e1s eficaz la navegaci\u00f3n, y desaparecen al terminar la sesi\u00f3n del usuario.<\/span><\/p>\n<p><span style=\"font-weight: 400;\">En ning\u00fan caso se utilizar\u00e1n las cookies para recoger informaci\u00f3n de car\u00e1cter personal.<\/span><\/p>\n<p><span style=\"font-weight: 400;\">Para m\u00e1s informaci\u00f3n, v\u00e9ase nuestra Pol\u00edtica de Cookies.\u00a0<\/span><\/p>\n<p><span style=\"font-weight: 400;\">\u00a0<\/span><\/p>\n<p><b>5.- ENLACES (LINKS)<\/b><\/p>\n<p><span style=\"font-weight: 400;\">Desde el sitio web es posible que se redirija a contenidos de terceras webs. Dado que desde la web no podemos controlar siempre los contenidos introducidos por los terceros, <\/span><b>Farm\u00e0cia Carandell<\/b><span style=\"font-weight: 400;\">\u00a0no asume ning\u00fan tipo de responsabilidad respecto a dichos contenidos. En todo caso, el prestador manifiesta que proceder\u00e1 a la retirada inmediata de cualquier contenido que pudiera contravenir la legislaci\u00f3n nacional o internacional, la moral o el orden p\u00fablico, procediendo a la retirada inmediata de la redirecci\u00f3n a estas webs, poniendo en conocimiento de las autoridades competentes el contenido en cuesti\u00f3n.<\/span><\/p>\n<p><span style=\"font-weight: 400;\">El prestador no se responsabiliza de la informaci\u00f3n y contenidos almacenados, a t\u00edtulo enunciativo pero no limitativo, en foros, chats, generadores de blogs, comentarios, redes sociales o cualquier otro medio que permita a terceros publicar contenidos de forma independiente en la p\u00e1gina web del prestador. No obstante y en cumplimiento de lo dispuesto en el art. 11 y 16 de la LSSICE, el prestador se pone a disposici\u00f3n de todos los usuarios, autoridades y fuerzas de seguridad, y colaborando de forma activa en la retirada o, cuando sea necesario, el bloqueo de todos aquellos contenidos que puedan afectar o contravenir la legislaci\u00f3n nacional, o internacional, derechos de terceros o la moral y el orden p\u00fablico. En caso de que el usuario considere que puede existir alg\u00fan contenido que pudiera ser susceptible de esta clasificaci\u00f3n, se ruega lo notifique de forma inmediata al administrador del sitio web.<\/span><\/p>\n<p><b>6.- PROTECCI\u00d3N DE DATOS PERSONALES<\/b><\/p>\n<p><span style=\"font-weight: 400;\">El prestador est\u00e1 profundamente comprometido con el cumplimiento de la normativa de protecci\u00f3n de datos personales y garantiza el cumplimiento \u00edntegro de las obligaciones dispuestas, as\u00ed como la implementaci\u00f3n de las medidas de seguridad dispuestas en el Reglamento Europeo de Protecci\u00f3n de datos y la normativa espa\u00f1ola de protecci\u00f3n de datos.<\/span><\/p>\n<p><span style=\"font-weight: 400;\">Para m\u00e1s informaci\u00f3n, v\u00e9ase nuestra Pol\u00edtica de Privacidad.\u00a0<\/span><\/p>\n<ol start=\"7\">\n<li><b> REDES SOCIALES<\/b><\/li>\n<\/ol>\n<p><span style=\"font-weight: 400;\">Le informamos de que <strong>Farm\u00e0cia Carandell<\/strong><\/span><span style=\"font-weight: 400;\">\u00a0puede estar presente en redes sociales. El tratamiento de los datos que los usuarios incluyan en las mismas [haci\u00e9ndose seguidores del prestador en las redes sociales (y \/ o realicen cualquier v\u00ednculo o acci\u00f3n de conexi\u00f3n a trav\u00e9s de estas)] se regir\u00e1 por este apartado, as\u00ed como para las condiciones de uso, pol\u00edticas de privacidad y normativas de acceso y uso de las redes sociales en cuesti\u00f3n y aceptadas previamente por el usuario. <\/span><b>Farm\u00e0cia Carandell<\/b><span style=\"font-weight: 400;\"> tratar\u00e1 sus datos con la finalidad de informarle de las actividades, productos o servicios del prestador a trav\u00e9s de estas redes sociales, as\u00ed como para cualquier otro fin que las normativas de las Redes Sociales permitan, pero no se har\u00e1 responsable de sus pol\u00edticas de privacidad.<\/span><\/p>\n<p><span style=\"font-weight: 400;\">Queda prohibida la publicaci\u00f3n de contenidos:<\/span><\/p>\n<p><span style=\"font-weight: 400;\">&#8211; Que sean presuntamente il\u00edcitos por la normativa nacional, comunitaria o internacional o que realicen actividades presuntamente il\u00edcitas o contravengan los principios de la buena fe.<\/span><\/p>\n<p><span style=\"font-weight: 400;\">&#8211; Que atenten contra los derechos fundamentales de las personas, falten a la cortes\u00eda en la red, molesten o puedan generar opiniones negativas a nuestros usuarios o terceros y en general cualquier contenido que <\/span><b>Farm\u00e0cia Carandell<\/b><span style=\"font-weight: 400;\">\u00a0considere no apropiados.<\/span><\/p>\n<p><span style=\"font-weight: 400;\">&#8211; Y en general que contravengan los principios de legalidad, honorabilidad, responsabilidad, protecci\u00f3n de la dignidad humana, protecci\u00f3n de menores, protecci\u00f3n del orden p\u00fablico, la protecci\u00f3n de la vida privada, protecci\u00f3n del consumidor y los derechos de propiedad intelectual e industrial.<\/span><\/p>\n<p><span style=\"font-weight: 400;\">Sin embargo, <\/span><b>Farm\u00e0cia Carandell<\/b><span style=\"font-weight: 400;\"> se reserva la potestad de retirar, sin previo aviso de la p\u00e1gina web o de la red social corporativa aquellos contenidos que se consideren no apropiados.<\/span><\/p>\n<p><span style=\"font-weight: 400;\">\u00a0<\/span><b>8.- PROPIEDAD INTELECTUAL E INDUSTRIAL<\/b><\/p>\n<p><span style=\"font-weight: 400;\">El sitio web, incluyendo a t\u00edtulo enunciativo pero no limitativo su programaci\u00f3n, edici\u00f3n, compilaci\u00f3n y dem\u00e1s elementos necesarios para su funcionamiento, los dise\u00f1os, logotipos, textos, fotograf\u00edas y \/ o gr\u00e1ficos son propiedad del prestador o, en caso de que fuera necesario, dispone de la licencia o autorizaci\u00f3n expresa por parte de los autores. Todos los contenidos del sitio web se encuentran debidamente protegidos por la normativa de propiedad intelectual e industrial.<\/span><\/p>\n<p><span style=\"font-weight: 400;\">Independientemente de la finalidad para la que fueran destinados, la reproducci\u00f3n total o parcial, uso, distribuci\u00f3n y comunicaci\u00f3n p\u00fablica requieren de la autorizaci\u00f3n escrita previa por parte del prestador. Cualquier uso no autorizado previamente por parte del prestador ser\u00e1 considerado un incumplimiento grave de los derechos de propiedad intelectual o industrial del autor.<\/span><\/p>\n<p><span style=\"font-weight: 400;\">Los dise\u00f1os, logotipos, textos y \/ o gr\u00e1ficos ajenos al prestador y que puedan aparecer en el sitio web, pertenecen a sus respectivos propietarios, siendo ellos mismos los responsables de cualquier posible controversia que pudiera devenir respecto a los mismos. En todo caso, el prestador cuenta con la autorizaci\u00f3n expresa y previa por parte de los mismos.<\/span><\/p>\n<p><span style=\"font-weight: 400;\">El prestador reconoce a favor de sus titulares los correspondientes derechos de propiedad industrial e intelectual, no implicando la menci\u00f3n o aparici\u00f3n en el sitio web, de la existencia de derechos o responsabilidad del prestador sobre los mismos, como tampoco respaldo, patrocinio o recomendaci\u00f3n por parte del mismo.<\/span><\/p>\n<p><span style=\"font-weight: 400;\">Para realizar cualquier tipo de observaci\u00f3n respecto a posibles incumplimientos de los derechos de propiedad intelectual o industrial, as\u00ed como sobre cualquiera de los contenidos del sitio web, puede hacerlo a trav\u00e9s del correo electr\u00f3nico arriba rese\u00f1ado.<\/span><\/p>\n<p><b>9.- LEY APLICABLE Y JURISDICCI\u00d3N<\/b><\/p>\n<p><span style=\"font-weight: 400;\">Para la resoluci\u00f3n de las controversias o cuestiones relacionadas con la presente p\u00e1gina web o de las actividades en esta desarrolladas, ser\u00e1 de aplicaci\u00f3n la legislaci\u00f3n espa\u00f1ola, a la que se someten expresamente las partes, siendo competentes para la resoluci\u00f3n de todos los conflictos derivados o relacionados con su uso los Juzgados y Tribunales de Girona.<\/span><\/p>\n<\/div><\/div><\/div><\/div><\/div>\n","protected":false},"excerpt":{"rendered":"","protected":false},"author":2,"featured_media":0,"parent":0,"menu_order":0,"comment_status":"closed","ping_status":"closed","template":"100-width.php","meta":{"_coblocks_attr":"","_coblocks_dimensions":"","_coblocks_responsive_height":"","_coblocks_accordion_ie_support":"","_joinchat":[],"footnotes":""},"class_list":["post-2674","page","type-page","status-publish","hentry"],"yoast_head":"<!-- This site is optimized with the Yoast SEO plugin v25.8 - https:\/\/yoast.com\/wordpress\/plugins\/seo\/ -->\n<title>Nota legal - Farm\u00e0cia Carandell<\/title>\n<meta name=\"robots\" content=\"index, follow, max-snippet:-1, max-image-preview:large, max-video-preview:-1\" \/>\n<link rel=\"canonical\" href=\"https:\/\/www.farmaciacarandell.com\/es\/nota-legal\/\" \/>\n<meta property=\"og:locale\" content=\"es_ES\" \/>\n<meta property=\"og:type\" content=\"article\" \/>\n<meta property=\"og:title\" content=\"Nota legal - Farm\u00e0cia Carandell\" \/>\n<meta property=\"og:url\" content=\"https:\/\/www.farmaciacarandell.com\/es\/nota-legal\/\" \/>\n<meta property=\"og:site_name\" content=\"Farm\u00e0cia Carandell\" \/>\n<meta property=\"article:modified_time\" content=\"2023-12-11T08:51:07+00:00\" \/>\n<meta name=\"twitter:card\" content=\"summary_large_image\" \/>\n<meta name=\"twitter:label1\" content=\"Tiempo de lectura\" \/>\n\t<meta name=\"twitter:data1\" content=\"13 minutos\" \/>\n<script type=\"application\/ld+json\" class=\"yoast-schema-graph\">{\"@context\":\"https:\/\/schema.org\",\"@graph\":[{\"@type\":\"WebPage\",\"@id\":\"https:\/\/www.farmaciacarandell.com\/es\/nota-legal\/\",\"url\":\"https:\/\/www.farmaciacarandell.com\/es\/nota-legal\/\",\"name\":\"Nota legal - Farm\u00e0cia Carandell\",\"isPartOf\":{\"@id\":\"https:\/\/www.farmaciacarandell.com\/es\/#website\"},\"datePublished\":\"2023-12-05T10:25:48+00:00\",\"dateModified\":\"2023-12-11T08:51:07+00:00\",\"breadcrumb\":{\"@id\":\"https:\/\/www.farmaciacarandell.com\/es\/nota-legal\/#breadcrumb\"},\"inLanguage\":\"es\",\"potentialAction\":[{\"@type\":\"ReadAction\",\"target\":[\"https:\/\/www.farmaciacarandell.com\/es\/nota-legal\/\"]}]},{\"@type\":\"BreadcrumbList\",\"@id\":\"https:\/\/www.farmaciacarandell.com\/es\/nota-legal\/#breadcrumb\",\"itemListElement\":[{\"@type\":\"ListItem\",\"position\":1,\"name\":\"Portada\",\"item\":\"https:\/\/www.farmaciacarandell.com\/es\/inicio\/\"},{\"@type\":\"ListItem\",\"position\":2,\"name\":\"Nota legal\"}]},{\"@type\":\"WebSite\",\"@id\":\"https:\/\/www.farmaciacarandell.com\/es\/#website\",\"url\":\"https:\/\/www.farmaciacarandell.com\/es\/\",\"name\":\"Farm\u00e0cia Carandell\",\"description\":\"Cuidamos de tu salud y bienestar\",\"publisher\":{\"@id\":\"https:\/\/www.farmaciacarandell.com\/es\/#organization\"},\"potentialAction\":[{\"@type\":\"SearchAction\",\"target\":{\"@type\":\"EntryPoint\",\"urlTemplate\":\"https:\/\/www.farmaciacarandell.com\/es\/?s={search_term_string}\"},\"query-input\":{\"@type\":\"PropertyValueSpecification\",\"valueRequired\":true,\"valueName\":\"search_term_string\"}}],\"inLanguage\":\"es\"},{\"@type\":\"Organization\",\"@id\":\"https:\/\/www.farmaciacarandell.com\/es\/#organization\",\"name\":\"Farm\u00e0cia Carandell\",\"url\":\"https:\/\/www.farmaciacarandell.com\/es\/\",\"logo\":{\"@type\":\"ImageObject\",\"inLanguage\":\"es\",\"@id\":\"https:\/\/www.farmaciacarandell.com\/es\/#\/schema\/logo\/image\/\",\"url\":\"https:\/\/www.farmaciacarandell.com\/wp-content\/uploads\/2023\/01\/LOGO-Farmacia-Carandell.png\",\"contentUrl\":\"https:\/\/www.farmaciacarandell.com\/wp-content\/uploads\/2023\/01\/LOGO-Farmacia-Carandell.png\",\"width\":1181,\"height\":1476,\"caption\":\"Farm\u00e0cia Carandell\"},\"image\":{\"@id\":\"https:\/\/www.farmaciacarandell.com\/es\/#\/schema\/logo\/image\/\"}}]}<\/script>\n<!-- \/ Yoast SEO plugin. -->","yoast_head_json":{"title":"Nota legal - Farm\u00e0cia Carandell","robots":{"index":"index","follow":"follow","max-snippet":"max-snippet:-1","max-image-preview":"max-image-preview:large","max-video-preview":"max-video-preview:-1"},"canonical":"https:\/\/www.farmaciacarandell.com\/es\/nota-legal\/","og_locale":"es_ES","og_type":"article","og_title":"Nota legal - Farm\u00e0cia Carandell","og_url":"https:\/\/www.farmaciacarandell.com\/es\/nota-legal\/","og_site_name":"Farm\u00e0cia Carandell","article_modified_time":"2023-12-11T08:51:07+00:00","twitter_card":"summary_large_image","twitter_misc":{"Tiempo de lectura":"13 minutos"},"schema":{"@context":"https:\/\/schema.org","@graph":[{"@type":"WebPage","@id":"https:\/\/www.farmaciacarandell.com\/es\/nota-legal\/","url":"https:\/\/www.farmaciacarandell.com\/es\/nota-legal\/","name":"Nota legal - Farm\u00e0cia Carandell","isPartOf":{"@id":"https:\/\/www.farmaciacarandell.com\/es\/#website"},"datePublished":"2023-12-05T10:25:48+00:00","dateModified":"2023-12-11T08:51:07+00:00","breadcrumb":{"@id":"https:\/\/www.farmaciacarandell.com\/es\/nota-legal\/#breadcrumb"},"inLanguage":"es","potentialAction":[{"@type":"ReadAction","target":["https:\/\/www.farmaciacarandell.com\/es\/nota-legal\/"]}]},{"@type":"BreadcrumbList","@id":"https:\/\/www.farmaciacarandell.com\/es\/nota-legal\/#breadcrumb","itemListElement":[{"@type":"ListItem","position":1,"name":"Portada","item":"https:\/\/www.farmaciacarandell.com\/es\/inicio\/"},{"@type":"ListItem","position":2,"name":"Nota legal"}]},{"@type":"WebSite","@id":"https:\/\/www.farmaciacarandell.com\/es\/#website","url":"https:\/\/www.farmaciacarandell.com\/es\/","name":"Farm\u00e0cia Carandell","description":"Cuidamos de tu salud y bienestar","publisher":{"@id":"https:\/\/www.farmaciacarandell.com\/es\/#organization"},"potentialAction":[{"@type":"SearchAction","target":{"@type":"EntryPoint","urlTemplate":"https:\/\/www.farmaciacarandell.com\/es\/?s={search_term_string}"},"query-input":{"@type":"PropertyValueSpecification","valueRequired":true,"valueName":"search_term_string"}}],"inLanguage":"es"},{"@type":"Organization","@id":"https:\/\/www.farmaciacarandell.com\/es\/#organization","name":"Farm\u00e0cia Carandell","url":"https:\/\/www.farmaciacarandell.com\/es\/","logo":{"@type":"ImageObject","inLanguage":"es","@id":"https:\/\/www.farmaciacarandell.com\/es\/#\/schema\/logo\/image\/","url":"https:\/\/www.farmaciacarandell.com\/wp-content\/uploads\/2023\/01\/LOGO-Farmacia-Carandell.png","contentUrl":"https:\/\/www.farmaciacarandell.com\/wp-content\/uploads\/2023\/01\/LOGO-Farmacia-Carandell.png","width":1181,"height":1476,"caption":"Farm\u00e0cia Carandell"},"image":{"@id":"https:\/\/www.farmaciacarandell.com\/es\/#\/schema\/logo\/image\/"}}]}},"_links":{"self":[{"href":"https:\/\/www.farmaciacarandell.com\/es\/wp-json\/wp\/v2\/pages\/2674","targetHints":{"allow":["GET"]}}],"collection":[{"href":"https:\/\/www.farmaciacarandell.com\/es\/wp-json\/wp\/v2\/pages"}],"about":[{"href":"https:\/\/www.farmaciacarandell.com\/es\/wp-json\/wp\/v2\/types\/page"}],"author":[{"embeddable":true,"href":"https:\/\/www.farmaciacarandell.com\/es\/wp-json\/wp\/v2\/users\/2"}],"replies":[{"embeddable":true,"href":"https:\/\/www.farmaciacarandell.com\/es\/wp-json\/wp\/v2\/comments?post=2674"}],"version-history":[{"count":5,"href":"https:\/\/www.farmaciacarandell.com\/es\/wp-json\/wp\/v2\/pages\/2674\/revisions"}],"predecessor-version":[{"id":2708,"href":"https:\/\/www.farmaciacarandell.com\/es\/wp-json\/wp\/v2\/pages\/2674\/revisions\/2708"}],"wp:attachment":[{"href":"https:\/\/www.farmaciacarandell.com\/es\/wp-json\/wp\/v2\/media?parent=2674"}],"curies":[{"name":"wp","href":"https:\/\/api.w.org\/{rel}","templated":true}]}}